{"id":1361,"date":"2022-06-22T07:23:45","date_gmt":"2022-06-22T07:23:45","guid":{"rendered":"https:\/\/www.sens-et-vous.fr\/?page_id=1361"},"modified":"2023-01-04T12:31:39","modified_gmt":"2023-01-04T12:31:39","slug":"energetique","status":"publish","type":"page","link":"https:\/\/www.sens-et-vous.fr\/accueil\/energetique\/","title":{"rendered":"Energ\u00e9tique"},"content":{"rendered":"\t\t<div data-elementor-type=\"wp-page\" data-elementor-id=\"1361\" class=\"elementor elementor-1361\">\n\t\t\t\t\t\t<section class=\"elementor-section elementor-top-section elementor-element elementor-element-c630029 elementor-section-boxed elementor-section-height-default elementor-section-height-default\" data-id=\"c630029\" data-element_type=\"section\" data-e-type=\"section\">\n\t\t\t\t\t\t<div class=\"elementor-container elementor-column-gap-default\">\n\t\t\t\t\t<div class=\"elementor-column elementor-col-100 elementor-top-column elementor-element elementor-element-923687d\" data-id=\"923687d\" data-element_type=\"column\" data-e-type=\"column\">\n\t\t\t<div class=\"elementor-widget-wrap elementor-element-populated\">\n\t\t\t\t\t\t<div class=\"elementor-element elementor-element-9582347 elementor-widget elementor-widget-heading\" data-id=\"9582347\" data-element_type=\"widget\" data-e-type=\"widget\" data-widget_type=\"heading.default\">\n\t\t\t\t<div class=\"elementor-widget-container\">\n\t\t\t\t\t<h1 class=\"elementor-heading-title elementor-size-default\">Soin \u00e9nerg\u00e9tique : les bols chantants au service de votre bien-\u00eatre, \u00e0 Lyon et St Priest<\/h1>\t\t\t\t<\/div>\n\t\t\t\t<\/div>\n\t\t\t\t<section class=\"elementor-section elementor-inner-section elementor-element elementor-element-ed99457 elementor-section-boxed elementor-section-height-default elementor-section-height-default\" data-id=\"ed99457\" data-element_type=\"section\" data-e-type=\"section\">\n\t\t\t\t\t\t<div class=\"elementor-container elementor-column-gap-default\">\n\t\t\t\t\t<div class=\"elementor-column elementor-col-50 elementor-inner-column elementor-element elementor-element-f874048\" data-id=\"f874048\" data-element_type=\"column\" data-e-type=\"column\">\n\t\t\t<div class=\"elementor-widget-wrap elementor-element-populated\">\n\t\t\t\t\t\t<div class=\"elementor-element elementor-element-b15b7bf elementor-widget elementor-widget-text-editor\" data-id=\"b15b7bf\" data-element_type=\"widget\" data-e-type=\"widget\" data-widget_type=\"text-editor.default\">\n\t\t\t\t<div class=\"elementor-widget-container\">\n\t\t\t\t\t\t\t\t\t<p>Vous aspirez \u00e0 une d\u00e9tente profonde et un regain d\u2019\u00e9nergie ?<\/p><p>Le soin \u00e9nerg\u00e9tique que je propose dans mon cabinet de St Priest, pr\u00e8s de Lyon, est con\u00e7u dans ce but.<\/p><p><b>Stress, anxi\u00e9t\u00e9, fatigue, douleurs <\/b>ou <b>sommeil perturb\u00e9<\/b> : au quotidien, il n\u2019est pas toujours ais\u00e9 de recharger ses batteries. Les vibrations et les sons th\u00e9rapeutiques peuvent vous aider \u00e0 retrouver la s\u00e9r\u00e9nit\u00e9 et la <a href=\"https:\/\/www.sens-et-vous.fr\/lanaturopathie\/\">vitalit\u00e9<\/a>.<\/p><p>En quoi ce type de massage sonore peut vous aider et comment se passe une s\u00e9ance ?\u00a0 Je vous dis tout.<\/p>\t\t\t\t\t\t\t\t<\/div>\n\t\t\t\t<\/div>\n\t\t\t\t\t<\/div>\n\t\t<\/div>\n\t\t\t\t<div class=\"elementor-column elementor-col-50 elementor-inner-column elementor-element elementor-element-5578d05\" data-id=\"5578d05\" data-element_type=\"column\" data-e-type=\"column\">\n\t\t\t<div class=\"elementor-widget-wrap elementor-element-populated\">\n\t\t\t\t\t\t<div class=\"elementor-element elementor-element-8ee0aab elementor-widget elementor-widget-image\" data-id=\"8ee0aab\" data-element_type=\"widget\" data-e-type=\"widget\" data-widget_type=\"image.default\">\n\t\t\t\t<div class=\"elementor-widget-container\">\n\t\t\t\t\t\t\t\t\t\t\t\t\t\t\t<img fetchpriority=\"high\" decoding=\"async\" width=\"768\" height=\"512\" src=\"https:\/\/www.sens-et-vous.fr\/wp-content\/uploads\/2022\/09\/adobestock-433585844-768x512.jpeg\" class=\"attachment-medium_large size-medium_large wp-image-1983\" alt=\"\" srcset=\"https:\/\/www.sens-et-vous.fr\/wp-content\/uploads\/2022\/09\/adobestock-433585844-768x512.jpeg 768w, https:\/\/www.sens-et-vous.fr\/wp-content\/uploads\/2022\/09\/adobestock-433585844-300x200.jpeg 300w, https:\/\/www.sens-et-vous.fr\/wp-content\/uploads\/2022\/09\/adobestock-433585844-1024x683.jpeg 1024w, https:\/\/www.sens-et-vous.fr\/wp-content\/uploads\/2022\/09\/adobestock-433585844-150x100.jpeg 150w, https:\/\/www.sens-et-vous.fr\/wp-content\/uploads\/2022\/09\/adobestock-433585844-1536x1024.jpeg 1536w, https:\/\/www.sens-et-vous.fr\/wp-content\/uploads\/2022\/09\/adobestock-433585844-2048x1366.jpeg 2048w, https:\/\/www.sens-et-vous.fr\/wp-content\/uploads\/2022\/09\/adobestock-433585844-272x182.jpeg 272w\" sizes=\"(max-width: 768px) 100vw, 768px\" \/>\t\t\t\t\t\t\t\t\t\t\t\t\t\t\t<\/div>\n\t\t\t\t<\/div>\n\t\t\t\t\t<\/div>\n\t\t<\/div>\n\t\t\t\t\t<\/div>\n\t\t<\/section>\n\t\t\t\t<div class=\"elementor-element elementor-element-9d7d2d6 elementor-widget-divider--view-line elementor-widget elementor-widget-divider\" data-id=\"9d7d2d6\" data-element_type=\"widget\" data-e-type=\"widget\" data-widget_type=\"divider.default\">\n\t\t\t\t<div class=\"elementor-widget-container\">\n\t\t\t\t\t\t\t<div class=\"elementor-divider\">\n\t\t\t<span class=\"elementor-divider-separator\">\n\t\t\t\t\t\t<\/span>\n\t\t<\/div>\n\t\t\t\t\t\t<\/div>\n\t\t\t\t<\/div>\n\t\t\t\t<div class=\"elementor-element elementor-element-3c9ba86 elementor-widget elementor-widget-heading\" data-id=\"3c9ba86\" data-element_type=\"widget\" data-e-type=\"widget\" data-widget_type=\"heading.default\">\n\t\t\t\t<div class=\"elementor-widget-container\">\n\t\t\t\t\t<h2 class=\"elementor-heading-title elementor-size-default\">R\u00e9\u00e9quilibrage de l\u2019\u00e9nergie vitale : pourquoi et pour qui ?<\/h2>\t\t\t\t<\/div>\n\t\t\t\t<\/div>\n\t\t\t\t<section class=\"elementor-section elementor-inner-section elementor-element elementor-element-9ddb358 elementor-section-boxed elementor-section-height-default elementor-section-height-default\" data-id=\"9ddb358\" data-element_type=\"section\" data-e-type=\"section\">\n\t\t\t\t\t\t<div class=\"elementor-container elementor-column-gap-default\">\n\t\t\t\t\t<div class=\"elementor-column elementor-col-50 elementor-inner-column elementor-element elementor-element-004cd20\" data-id=\"004cd20\" data-element_type=\"column\" data-e-type=\"column\">\n\t\t\t<div class=\"elementor-widget-wrap elementor-element-populated\">\n\t\t\t\t\t\t<div class=\"elementor-element elementor-element-0ef951e elementor-widget elementor-widget-image\" data-id=\"0ef951e\" data-element_type=\"widget\" data-e-type=\"widget\" data-widget_type=\"image.default\">\n\t\t\t\t<div class=\"elementor-widget-container\">\n\t\t\t\t\t\t\t\t\t\t\t\t\t\t\t<img decoding=\"async\" width=\"768\" height=\"768\" src=\"https:\/\/www.sens-et-vous.fr\/wp-content\/uploads\/2022\/09\/adobestock-68116325-768x768.jpeg\" class=\"attachment-medium_large size-medium_large wp-image-1963\" alt=\"\" srcset=\"https:\/\/www.sens-et-vous.fr\/wp-content\/uploads\/2022\/09\/adobestock-68116325-768x768.jpeg 768w, https:\/\/www.sens-et-vous.fr\/wp-content\/uploads\/2022\/09\/adobestock-68116325-300x300.jpeg 300w, https:\/\/www.sens-et-vous.fr\/wp-content\/uploads\/2022\/09\/adobestock-68116325-1024x1024.jpeg 1024w, https:\/\/www.sens-et-vous.fr\/wp-content\/uploads\/2022\/09\/adobestock-68116325-150x150.jpeg 150w, https:\/\/www.sens-et-vous.fr\/wp-content\/uploads\/2022\/09\/adobestock-68116325-1536x1536.jpeg 1536w, https:\/\/www.sens-et-vous.fr\/wp-content\/uploads\/2022\/09\/adobestock-68116325-2048x2048.jpeg 2048w, https:\/\/www.sens-et-vous.fr\/wp-content\/uploads\/2022\/09\/adobestock-68116325-600x600.jpeg 600w\" sizes=\"(max-width: 768px) 100vw, 768px\" \/>\t\t\t\t\t\t\t\t\t\t\t\t\t\t\t<\/div>\n\t\t\t\t<\/div>\n\t\t\t\t\t<\/div>\n\t\t<\/div>\n\t\t\t\t<div class=\"elementor-column elementor-col-50 elementor-inner-column elementor-element elementor-element-1c19430\" data-id=\"1c19430\" data-element_type=\"column\" data-e-type=\"column\">\n\t\t\t<div class=\"elementor-widget-wrap elementor-element-populated\">\n\t\t\t\t\t\t<div class=\"elementor-element elementor-element-9d6cd45 elementor-widget elementor-widget-text-editor\" data-id=\"9d6cd45\" data-element_type=\"widget\" data-e-type=\"widget\" data-widget_type=\"text-editor.default\">\n\t\t\t\t<div class=\"elementor-widget-container\">\n\t\t\t\t\t\t\t\t\t<p dir=\"ltr\">Notre corps nous envoie des signaux qu\u2019il ne faut pas ignorer : troubles du sommeil, douleurs, tension interne, fatigue, irritabilit\u00e9, stress, etc.<\/p><p dir=\"ltr\">Une s\u00e9ance de r\u00e9\u00e9quilibrage \u00e9nerg\u00e9tique permet de pr\u00e9venir l\u2019apparition ou de diminuer l\u2019intensit\u00e9 de souffrances physiques ou mentales.<\/p><p dir=\"ltr\">Il n\u2019y a pas de contre-indications officielles au massage sonore. Cependant, je prends quelques pr\u00e9cautions.<\/p><p dir=\"ltr\">Je ne pratique pas de soins \u00e9nerg\u00e9tiques sonores sur les femmes enceintes et les enfants de moins de 7 ans.\u00a0<\/p><p dir=\"ltr\">\u00c0 partir de cet \u00e2ge, le massage sonore apportera un <b>r\u00e9\u00e9quilibrage \u00e9nerg\u00e9tique<\/b> profond \u00e0 l\u2019<b>enfant<\/b>. Le soin se r\u00e9v\u00e8le particuli\u00e8rement b\u00e9n\u00e9fique en cas d\u2019<b>hyperactivit\u00e9<\/b>.<\/p>\t\t\t\t\t\t\t\t<\/div>\n\t\t\t\t<\/div>\n\t\t\t\t\t<\/div>\n\t\t<\/div>\n\t\t\t\t\t<\/div>\n\t\t<\/section>\n\t\t\t\t<div class=\"elementor-element elementor-element-d719dc9 elementor-widget elementor-widget-text-editor\" data-id=\"d719dc9\" data-element_type=\"widget\" data-e-type=\"widget\" data-widget_type=\"text-editor.default\">\n\t\t\t\t<div class=\"elementor-widget-container\">\n\t\t\t\t\t\t\t\t\t<p dir=\"ltr\">En ce qui concerne les personnes ayant un pacemaker ou des tiges en m\u00e9tal dans le corps, je ne pose pas le bol au contact du corps : je fais en sorte que les vibrations se transmettent exclusivement de fa\u00e7on a\u00e9rienne.<\/p>\t\t\t\t\t\t\t\t<\/div>\n\t\t\t\t<\/div>\n\t\t\t\t<div class=\"elementor-element elementor-element-669892a elementor-widget-divider--view-line elementor-widget elementor-widget-divider\" data-id=\"669892a\" data-element_type=\"widget\" data-e-type=\"widget\" data-widget_type=\"divider.default\">\n\t\t\t\t<div class=\"elementor-widget-container\">\n\t\t\t\t\t\t\t<div class=\"elementor-divider\">\n\t\t\t<span class=\"elementor-divider-separator\">\n\t\t\t\t\t\t<\/span>\n\t\t<\/div>\n\t\t\t\t\t\t<\/div>\n\t\t\t\t<\/div>\n\t\t\t\t<div class=\"elementor-element elementor-element-573bf96 elementor-widget elementor-widget-heading\" data-id=\"573bf96\" data-element_type=\"widget\" data-e-type=\"widget\" data-widget_type=\"heading.default\">\n\t\t\t\t<div class=\"elementor-widget-container\">\n\t\t\t\t\t<h2 class=\"elementor-heading-title elementor-size-default\">Comment se passe une s\u00e9ance de soin \u00e9nerg\u00e9tique ?<\/h2>\t\t\t\t<\/div>\n\t\t\t\t<\/div>\n\t\t\t\t<div class=\"elementor-element elementor-element-4105091 elementor-widget elementor-widget-text-editor\" data-id=\"4105091\" data-element_type=\"widget\" data-e-type=\"widget\" data-widget_type=\"text-editor.default\">\n\t\t\t\t<div class=\"elementor-widget-container\">\n\t\t\t\t\t\t\t\t\t<p dir=\"ltr\" style=\"text-align: left;\">Un soin \u00e9nerg\u00e9tique dure environ <b>1 heure<\/b> et se d\u00e9roule soit \u00e0 votre domicile (dans la m\u00e9tropole de Lyon), soit \u00e0 St Priest.<\/p>\t\t\t\t\t\t\t\t<\/div>\n\t\t\t\t<\/div>\n\t\t\t\t<section class=\"elementor-section elementor-inner-section elementor-element elementor-element-3df53da elementor-section-boxed elementor-section-height-default elementor-section-height-default\" data-id=\"3df53da\" data-element_type=\"section\" data-e-type=\"section\">\n\t\t\t\t\t\t<div class=\"elementor-container elementor-column-gap-default\">\n\t\t\t\t\t<div class=\"elementor-column elementor-col-50 elementor-inner-column elementor-element elementor-element-d7f00c9\" data-id=\"d7f00c9\" data-element_type=\"column\" data-e-type=\"column\">\n\t\t\t<div class=\"elementor-widget-wrap elementor-element-populated\">\n\t\t\t\t\t\t<div class=\"elementor-element elementor-element-d2d4566 elementor-widget elementor-widget-text-editor\" data-id=\"d2d4566\" data-element_type=\"widget\" data-e-type=\"widget\" data-widget_type=\"text-editor.default\">\n\t\t\t\t<div class=\"elementor-widget-container\">\n\t\t\t\t\t\t\t\t\t<h3 dir=\"ltr\" role=\"presentation\">1 &#8211; L\u2019\u00e9coute : identifier vos besoins<\/h3><p dir=\"ltr\">Un soin d\u00e9marre toujours par un entretien en face \u00e0 face, afin d\u2019identifier vos besoins et de m\u2019impr\u00e9gner de votre \u00e9nergie. C\u2019est dans cette phase que je\u00a0d\u00e9termine les outils appropri\u00e9s \u00e0 votre besoin.<\/p>\t\t\t\t\t\t\t\t<\/div>\n\t\t\t\t<\/div>\n\t\t\t\t\t<\/div>\n\t\t<\/div>\n\t\t\t\t<div class=\"elementor-column elementor-col-50 elementor-inner-column elementor-element elementor-element-53de717\" data-id=\"53de717\" data-element_type=\"column\" data-e-type=\"column\">\n\t\t\t<div class=\"elementor-widget-wrap elementor-element-populated\">\n\t\t\t\t\t\t<div class=\"elementor-element elementor-element-cee21ef elementor-widget elementor-widget-text-editor\" data-id=\"cee21ef\" data-element_type=\"widget\" data-e-type=\"widget\" data-widget_type=\"text-editor.default\">\n\t\t\t\t<div class=\"elementor-widget-container\">\n\t\t\t\t\t\t\t\t\t<h3 dir=\"ltr\" role=\"presentation\">2 &#8211; La radiesth\u00e9sie : d\u00e9tecter la nature de vos blocages<\/h3><p dir=\"ltr\">Cette technique de d\u00e9tection des vibrations que vous \u00e9mettez me permet de localiser vos n\u0153uds \u00e9nerg\u00e9tiques \u00e0 l\u2019aide de plusieurs outils, dont le pendule. Ces n\u0153uds peuvent \u00eatre d\u2019ordre corporel, \u00e9nerg\u00e9tique ou \u00e9motionnel.<\/p>\t\t\t\t\t\t\t\t<\/div>\n\t\t\t\t<\/div>\n\t\t\t\t\t<\/div>\n\t\t<\/div>\n\t\t\t\t\t<\/div>\n\t\t<\/section>\n\t\t\t\t<section class=\"elementor-section elementor-inner-section elementor-element elementor-element-7f9423e elementor-section-boxed elementor-section-height-default elementor-section-height-default\" data-id=\"7f9423e\" data-element_type=\"section\" data-e-type=\"section\">\n\t\t\t\t\t\t<div class=\"elementor-container elementor-column-gap-default\">\n\t\t\t\t\t<div class=\"elementor-column elementor-col-50 elementor-inner-column elementor-element elementor-element-458529c\" data-id=\"458529c\" data-element_type=\"column\" data-e-type=\"column\">\n\t\t\t<div class=\"elementor-widget-wrap elementor-element-populated\">\n\t\t\t\t\t\t<div class=\"elementor-element elementor-element-29b591b elementor-widget elementor-widget-text-editor\" data-id=\"29b591b\" data-element_type=\"widget\" data-e-type=\"widget\" data-widget_type=\"text-editor.default\">\n\t\t\t\t<div class=\"elementor-widget-container\">\n\t\t\t\t\t\t\t\t\t<h3 dir=\"ltr\" role=\"presentation\">3 &#8211; L\u2019aromath\u00e9rapie olfactive : une porte vers le l\u00e2cher-prise<\/h3>\n<p dir=\"ltr\">Afin de cr\u00e9er une ambiance apaisante, je stimule votre sens de l\u2019odorat. Je s\u00e9lectionne avec pr\u00e9caution le parfum d\u2019huile essentielle qui optimisera votre r\u00e9ceptivit\u00e9 au soin \u00e9nerg\u00e9tique.<\/p>\t\t\t\t\t\t\t\t<\/div>\n\t\t\t\t<\/div>\n\t\t\t\t\t<\/div>\n\t\t<\/div>\n\t\t\t\t<div class=\"elementor-column elementor-col-50 elementor-inner-column elementor-element elementor-element-cc8bf1e\" data-id=\"cc8bf1e\" data-element_type=\"column\" data-e-type=\"column\">\n\t\t\t<div class=\"elementor-widget-wrap elementor-element-populated\">\n\t\t\t\t\t\t<div class=\"elementor-element elementor-element-5db5324 elementor-widget elementor-widget-text-editor\" data-id=\"5db5324\" data-element_type=\"widget\" data-e-type=\"widget\" data-widget_type=\"text-editor.default\">\n\t\t\t\t<div class=\"elementor-widget-container\">\n\t\t\t\t\t\t\t\t\t<h3 dir=\"ltr\" role=\"presentation\">4 &#8211; La sonoth\u00e9rapie : la puissance du soin par la vibration et les sons<\/h3><p dir=\"ltr\">Le soin continue avec des instruments th\u00e9rapeutiques tels que les bols chantants.<\/p><p dir=\"ltr\">Confortablement allong\u00e9, les bols sont plac\u00e9s sur votre corps ou \u00e0 c\u00f4t\u00e9. Leur objectif est de vous faire entrer dans une profonde relaxation et de lib\u00e9rer les tensions au niveau du corps et des\u00a0<span style=\"text-decoration: underline;\"><a href=\"https:\/\/www.sens-et-vous.fr\/fleurs-de-bach\/\">\u00e9motions<\/a><\/span>. Les sons se diffusent \u00e0 travers vos cellules. Donc vous gardez \u00e9videmment vos v\u00eatements pendant le soin<\/p>\t\t\t\t\t\t\t\t<\/div>\n\t\t\t\t<\/div>\n\t\t\t\t\t<\/div>\n\t\t<\/div>\n\t\t\t\t\t<\/div>\n\t\t<\/section>\n\t\t\t\t<div class=\"elementor-element elementor-element-5e2596a elementor-widget-divider--view-line elementor-widget elementor-widget-divider\" data-id=\"5e2596a\" data-element_type=\"widget\" data-e-type=\"widget\" data-widget_type=\"divider.default\">\n\t\t\t\t<div class=\"elementor-widget-container\">\n\t\t\t\t\t\t\t<div class=\"elementor-divider\">\n\t\t\t<span class=\"elementor-divider-separator\">\n\t\t\t\t\t\t<\/span>\n\t\t<\/div>\n\t\t\t\t\t\t<\/div>\n\t\t\t\t<\/div>\n\t\t\t\t<div class=\"elementor-element elementor-element-d0e9f77 elementor-widget elementor-widget-heading\" data-id=\"d0e9f77\" data-element_type=\"widget\" data-e-type=\"widget\" data-widget_type=\"heading.default\">\n\t\t\t\t<div class=\"elementor-widget-container\">\n\t\t\t\t\t<h2 class=\"elementor-heading-title elementor-size-default\">Soins \u00e9nerg\u00e9tiques sonores aux bols chantants : quels bienfaits ?<\/h2>\t\t\t\t<\/div>\n\t\t\t\t<\/div>\n\t\t\t\t<div class=\"elementor-element elementor-element-5caf8b5 elementor-widget elementor-widget-text-editor\" data-id=\"5caf8b5\" data-element_type=\"widget\" data-e-type=\"widget\" data-widget_type=\"text-editor.default\">\n\t\t\t\t<div class=\"elementor-widget-container\">\n\t\t\t\t\t\t\t\t\t<p dir=\"ltr\"><b>Le l\u00e2cher-prise et une profonde d\u00e9tente <\/b>sont les premiers bienfaits de ce type de soins. La r\u00e9-harmonisation de l\u2019\u00e9nergie cr\u00e9e une sensation physique et mentale de l\u00e9g\u00e8ret\u00e9, de confiance et de lib\u00e9ration.\u00a0<br \/>Pendant le soin, les personnes se sentent g\u00e9n\u00e9ralement \u201ccomme dans un cocon\u201d.\u00a0<\/p><p dir=\"ltr\"><b>Cela r\u00e9\u00e9quilibre la circulation de l\u2019\u00e9nergie dans votre corps.<\/b><\/p><p dir=\"ltr\">Ils ont une action sur :\u00a0<\/p><ul><li dir=\"ltr\" aria-level=\"1\"><p dir=\"ltr\" role=\"presentation\"><i>les probl\u00e8mes <b>digestifs<\/b>,\u00a0<\/i><\/p><\/li><li dir=\"ltr\" aria-level=\"1\"><p dir=\"ltr\" role=\"presentation\"><i>les <b>migraines<\/b>, les <b>acouph\u00e8nes<\/b>,<\/i><\/p><\/li><li dir=\"ltr\" aria-level=\"1\"><p dir=\"ltr\" role=\"presentation\"><i>la <b>fatigue, l\u2019anxi\u00e9t\u00e9,<\/b> les troubles du <b>sommeil,<\/b>\u00a0<\/i><\/p><\/li><li dir=\"ltr\" aria-level=\"1\"><p dir=\"ltr\" role=\"presentation\"><i>les <b>douleurs <\/b>(articulaires, musculaires, rhumatismes), etc.<\/i><\/p><\/li><\/ul><p dir=\"ltr\">Comment expliquer cela ?\u00a0<\/p><blockquote><p dir=\"ltr\">Le son particulier des bols tib\u00e9tains, des bols de cristal ou des diapasons change au contact d\u2019organes malades (d\u00e9saccord\u00e9s) et de chakras bloqu\u00e9s. Ils jouent \u00e0 la fois un r\u00f4le de r\u00e9cepteur et d\u2019\u00e9metteur.\u00a0<\/p><\/blockquote><p dir=\"ltr\">Les massages sonores ont une <span style=\"text-decoration: underline;\"><a href=\"https:\/\/medson.net\/les-effets-therapeutiques-du-son\/\">action physique<\/a><\/span>. Les vibrations se propagent en profondeur jusque dans les cellules, car notre corps est compos\u00e9 \u00e0 65 % d\u2019eau.\u00a0<\/p>\t\t\t\t\t\t\t\t<\/div>\n\t\t\t\t<\/div>\n\t\t\t\t<div class=\"elementor-element elementor-element-0549f90 elementor-widget elementor-widget-heading\" data-id=\"0549f90\" data-element_type=\"widget\" data-e-type=\"widget\" data-widget_type=\"heading.default\">\n\t\t\t\t<div class=\"elementor-widget-container\">\n\t\t\t\t\t<h2 class=\"elementor-heading-title elementor-size-default\">Est-ce qu\u2019il s\u2019agit de reiki ?  Suis-je magn\u00e9tiseur ?<\/h2>\t\t\t\t<\/div>\n\t\t\t\t<\/div>\n\t\t\t\t<div class=\"elementor-element elementor-element-82d9e8e elementor-widget elementor-widget-text-editor\" data-id=\"82d9e8e\" data-element_type=\"widget\" data-e-type=\"widget\" data-widget_type=\"text-editor.default\">\n\t\t\t\t<div class=\"elementor-widget-container\">\n\t\t\t\t\t\t\t\t\t<p dir=\"ltr\">Bien que je sois form\u00e9e (degr\u00e9 2), mes s\u00e9ances de soins \u00e9nerg\u00e9tiques ne sont pas des s\u00e9ances de Reiki Usui.<br \/>Je ne suis ni \u00e9nerg\u00e9ticien, ni magn\u00e9tiseur.<br \/>Lors de mes soins \u00e9nerg\u00e9tiques, je ne vous touche pas et je ne transmets pas de magn\u00e9tisme.\u00a0<\/p><p dir=\"ltr\">J\u2019utilise simplement la radiesth\u00e9sie, l\u2019aromath\u00e9rapie et la force vibratoire de mes instruments pour r\u00e9tablir la fluidit\u00e9 de la circulation d\u2019\u00e9nergie entre tous vos chakras.<\/p>\t\t\t\t\t\t\t\t<\/div>\n\t\t\t\t<\/div>\n\t\t\t\t<div class=\"elementor-element elementor-element-5ccca5b elementor-widget-divider--view-line elementor-widget elementor-widget-divider\" data-id=\"5ccca5b\" data-element_type=\"widget\" data-e-type=\"widget\" data-widget_type=\"divider.default\">\n\t\t\t\t<div class=\"elementor-widget-container\">\n\t\t\t\t\t\t\t<div class=\"elementor-divider\">\n\t\t\t<span class=\"elementor-divider-separator\">\n\t\t\t\t\t\t<\/span>\n\t\t<\/div>\n\t\t\t\t\t\t<\/div>\n\t\t\t\t<\/div>\n\t\t\t\t<div class=\"elementor-element elementor-element-5f5dff5 elementor-widget elementor-widget-heading\" data-id=\"5f5dff5\" data-element_type=\"widget\" data-e-type=\"widget\" data-widget_type=\"heading.default\">\n\t\t\t\t<div class=\"elementor-widget-container\">\n\t\t\t\t\t<h2 class=\"elementor-heading-title elementor-size-default\">Le soin \u00e9nerg\u00e9tique dans la m\u00e9tropole de Lyon : tarif et modalit\u00e9s<\/h2>\t\t\t\t<\/div>\n\t\t\t\t<\/div>\n\t\t\t\t<div class=\"elementor-element elementor-element-d02dda8 elementor-widget elementor-widget-text-editor\" data-id=\"d02dda8\" data-element_type=\"widget\" data-e-type=\"widget\" data-widget_type=\"text-editor.default\">\n\t\t\t\t<div class=\"elementor-widget-container\">\n\t\t\t\t\t\t\t\t\t<p dir=\"ltr\"><ul><li>Le prix d\u2019une s\u00e9ance de recentrage \u00e9nerg\u00e9tique d\u2019une heure est de 70 \u20ac.&nbsp;<\/li><li>Un bain sonore d\u20191 h 30, sans forc\u00e9ment faire de soin \u00e9nerg\u00e9tique complet, est \u00e9galement possible au tarif de 70 \u20ac.<\/li><\/ul>Les s\u00e9ances peuvent se d\u00e9rouler \u00e0 St Priest. Je me d\u00e9place aussi avec plaisir \u00e0 votre domicile, dans un p\u00e9rim\u00e8tre de 30 km autour de Lyon.&nbsp;<\/p>\n<p dir=\"ltr\">Pr\u00e9cision : au-del\u00e0 de 5 km de Lyon, il y a des frais de d\u00e9placement (\u00e9tant donn\u00e9 le contexte d\u2019augmentation des carburants), de l\u2019ordre d\u2019une dizaine d\u2019euros.<\/p>\t\t\t\t\t\t\t\t<\/div>\n\t\t\t\t<\/div>\n\t\t\t\t<div class=\"elementor-element elementor-element-65f540e elementor-widget elementor-widget-button\" data-id=\"65f540e\" data-element_type=\"widget\" data-e-type=\"widget\" data-widget_type=\"button.default\">\n\t\t\t\t<div class=\"elementor-widget-container\">\n\t\t\t\t\t\t\t\t\t<div class=\"elementor-button-wrapper\">\n\t\t\t\t\t<a class=\"elementor-button elementor-button-link elementor-size-sm\" href=\"https:\/\/www.sens-et-vous.fr\/contact-2\/\">\n\t\t\t\t\t\t<span class=\"elementor-button-content-wrapper\">\n\t\t\t\t\t\t\t\t\t<span class=\"elementor-button-text\">Contactez-moi<\/span>\n\t\t\t\t\t<\/span>\n\t\t\t\t\t<\/a>\n\t\t\t\t<\/div>\n\t\t\t\t\t\t\t\t<\/div>\n\t\t\t\t<\/div>\n\t\t\t\t<div class=\"elementor-element elementor-element-85549b2 elementor-widget elementor-widget-heading\" data-id=\"85549b2\" data-element_type=\"widget\" data-e-type=\"widget\" data-widget_type=\"heading.default\">\n\t\t\t\t<div class=\"elementor-widget-container\">\n\t\t\t\t\t<h2 class=\"elementor-heading-title elementor-size-default\">Mes formations en lien avec le travail sur l\u2019\u00e9nergie<\/h2>\t\t\t\t<\/div>\n\t\t\t\t<\/div>\n\t\t\t\t<div class=\"elementor-element elementor-element-2516a7c elementor-widget elementor-widget-text-editor\" data-id=\"2516a7c\" data-element_type=\"widget\" data-e-type=\"widget\" data-widget_type=\"text-editor.default\">\n\t\t\t\t<div class=\"elementor-widget-container\">\n\t\t\t\t\t\t\t\t\t<ul><li dir=\"ltr\" aria-level=\"1\"><p dir=\"ltr\" role=\"presentation\">Stage bol chantant :\u00a0\u00a0<span style=\"font-size: 15px;\">En 2012, aupr\u00e8s d\u2019Arno BLANDIN et d\u2019Anny MURRU, sp\u00e9cialistes du soin \u00e9nerg\u00e9tique avec les bols chantants.<\/span><\/p><\/li><\/ul><ul><li dir=\"ltr\" aria-level=\"1\"><p dir=\"ltr\" role=\"presentation\"><span style=\"color: #000000;\">Reiki degr\u00e9 1 et 2<\/span><\/p><\/li><li dir=\"ltr\" aria-level=\"1\"><p dir=\"ltr\" role=\"presentation\">Sonoth\u00e9rapie :\u00a0\u00a0<span style=\"font-size: 15px;\">En 2022, je me perfectionne dans l\u2019art d\u2019utiliser les vibrations th\u00e9rapeutiques. Prochainement, je proposerai un nouvel instrument dans mes soins : le diapason. Il s\u2019agit d\u2019une formation dispens\u00e9e par Pick et Boch, dans la lign\u00e9e des enseignements d\u2019Emmanuel Comte, Sonologue\u00a0<\/span><\/p><\/li><\/ul>\t\t\t\t\t\t\t\t<\/div>\n\t\t\t\t<\/div>\n\t\t\t\t<div class=\"elementor-element elementor-element-2fa82f1 elementor-widget elementor-widget-heading\" data-id=\"2fa82f1\" data-element_type=\"widget\" data-e-type=\"widget\" data-widget_type=\"heading.default\">\n\t\t\t\t<div class=\"elementor-widget-container\">\n\t\t\t\t\t<h2 class=\"elementor-heading-title elementor-size-default\">Engagement<\/h2>\t\t\t\t<\/div>\n\t\t\t\t<\/div>\n\t\t\t\t<div class=\"elementor-element elementor-element-a6b253a elementor-widget elementor-widget-text-editor\" data-id=\"a6b253a\" data-element_type=\"widget\" data-e-type=\"widget\" data-widget_type=\"text-editor.default\">\n\t\t\t\t<div class=\"elementor-widget-container\">\n\t\t\t\t\t\t\t\t\t<p dir=\"ltr\">Vous devez reporter votre rendez-vous\u202f?\u00a0 Cela arrive. Pensez \u00e0 me pr\u00e9venir au moins 48 heures \u00e0 l\u2019avance de votre absence.<\/p><p dir=\"ltr\">Je m\u2019engage \u00e0 mettre toutes mes comp\u00e9tences et mon \u00e9coute bienveillante \u00e0 votre service pour vous aider \u00e0 r\u00e9-harmoniser votre \u00e9nergie vitale.<\/p><p dir=\"ltr\">En aucun cas mes s\u00e9ances ne peuvent \u00eatre assimil\u00e9es \u00e0 de la m\u00e9decine. Mes pr\u00e9conisations et ressentis ne sont pas des diagnostics m\u00e9dicaux. Le soin \u00e9nerg\u00e9tique peut compl\u00e9ter un traitement m\u00e9dical, mais en aucun cas il ne s\u2019y substitue.<\/p><p dir=\"ltr\">Pour plus d\u2019informations concernant mes s\u00e9ances de soins \u00e9nerg\u00e9tiques \u00e0 Lyon et St Priest (et parfois en Martinique), n\u2019h\u00e9sitez pas \u00e0 me contacter, je r\u00e9pondrais avec plaisir \u00e0 vos questions.<\/p><p dir=\"ltr\">\u00a0<\/p><hr \/><p dir=\"ltr\">Cela peut aussi vous int\u00e9resser :\u00a0<\/p><ul><li dir=\"ltr\"><span style=\"text-decoration: underline;\"><a href=\"https:\/\/www.sens-et-vous.fr\/perdre-ou-prendre-du-poids\/\">R\u00e9\u00e9quilibrer son alimentation<\/a> <\/span>: l&rsquo;importance de se faire accompagner.<\/li><\/ul>\t\t\t\t\t\t\t\t<\/div>\n\t\t\t\t<\/div>\n\t\t\t\t\t<\/div>\n\t\t<\/div>\n\t\t\t\t\t<\/div>\n\t\t<\/section>\n\t\t\t\t<\/div>\n\t\t","protected":false},"excerpt":{"rendered":"<p>Soin \u00e9nerg\u00e9tique : les bols chantants au service de votre bien-\u00eatre, \u00e0 Lyon et St Priest Vous aspirez \u00e0 une d\u00e9tente profonde et un regain d\u2019\u00e9nergie ? Le soin \u00e9nerg\u00e9tique que je propose dans mon cabinet de St Priest, pr\u00e8s de Lyon, est con\u00e7u dans ce but. Stress, anxi\u00e9t\u00e9, fatigue, douleurs ou sommeil perturb\u00e9 : [&hellip;]<\/p>\n","protected":false},"author":1,"featured_media":0,"parent":0,"menu_order":0,"comment_status":"closed","ping_status":"closed","template":"","meta":{"ocean_post_layout":"","ocean_both_sidebars_style":"","ocean_both_sidebars_content_width":0,"ocean_both_sidebars_sidebars_width":0,"ocean_sidebar":"0","ocean_second_sidebar":"0","ocean_disable_margins":"enable","ocean_add_body_class":"","ocean_shortcode_before_top_bar":"","ocean_shortcode_after_top_bar":"","ocean_shortcode_before_header":"","ocean_shortcode_after_header":"","ocean_has_shortcode":"","ocean_shortcode_after_title":"","ocean_shortcode_before_footer_widgets":"","ocean_shortcode_after_footer_widgets":"","ocean_shortcode_before_footer_bottom":"","ocean_shortcode_after_footer_bottom":"","ocean_display_top_bar":"default","ocean_display_header":"default","ocean_header_style":"","ocean_center_header_left_menu":"0","ocean_custom_header_template":"0","ocean_custom_logo":0,"ocean_custom_retina_logo":0,"ocean_custom_logo_max_width":0,"ocean_custom_logo_tablet_max_width":0,"ocean_custom_logo_mobile_max_width":0,"ocean_custom_logo_max_height":0,"ocean_custom_logo_tablet_max_height":0,"ocean_custom_logo_mobile_max_height":0,"ocean_header_custom_menu":"0","ocean_menu_typo_font_family":"0","ocean_menu_typo_font_subset":"","ocean_menu_typo_font_size":0,"ocean_menu_typo_font_size_tablet":0,"ocean_menu_typo_font_size_mobile":0,"ocean_menu_typo_font_size_unit":"px","ocean_menu_typo_font_weight":"","ocean_menu_typo_font_weight_tablet":"","ocean_menu_typo_font_weight_mobile":"","ocean_menu_typo_transform":"","ocean_menu_typo_transform_tablet":"","ocean_menu_typo_transform_mobile":"","ocean_menu_typo_line_height":0,"ocean_menu_typo_line_height_tablet":0,"ocean_menu_typo_line_height_mobile":0,"ocean_menu_typo_line_height_unit":"","ocean_menu_typo_spacing":0,"ocean_menu_typo_spacing_tablet":0,"ocean_menu_typo_spacing_mobile":0,"ocean_menu_typo_spacing_unit":"","ocean_menu_link_color":"","ocean_menu_link_color_hover":"","ocean_menu_link_color_active":"","ocean_menu_link_background":"","ocean_menu_link_hover_background":"","ocean_menu_link_active_background":"","ocean_menu_social_links_bg":"","ocean_menu_social_hover_links_bg":"","ocean_menu_social_links_color":"","ocean_menu_social_hover_links_color":"","ocean_disable_title":"default","ocean_disable_heading":"default","ocean_post_title":"","ocean_post_subheading":"","ocean_post_title_style":"","ocean_post_title_background_color":"","ocean_post_title_background":0,"ocean_post_title_bg_image_position":"","ocean_post_title_bg_image_attachment":"","ocean_post_title_bg_image_repeat":"","ocean_post_title_bg_image_size":"","ocean_post_title_height":0,"ocean_post_title_bg_overlay":0.5,"ocean_post_title_bg_overlay_color":"","ocean_disable_breadcrumbs":"default","ocean_breadcrumbs_color":"","ocean_breadcrumbs_separator_color":"","ocean_breadcrumbs_links_color":"","ocean_breadcrumbs_links_hover_color":"","ocean_display_footer_widgets":"default","ocean_display_footer_bottom":"default","ocean_custom_footer_template":"0","footnotes":""},"class_list":["post-1361","page","type-page","status-publish","hentry","entry"],"aioseo_notices":[],"_links":{"self":[{"href":"https:\/\/www.sens-et-vous.fr\/accueil\/wp-json\/wp\/v2\/pages\/1361","targetHints":{"allow":["GET"]}}],"collection":[{"href":"https:\/\/www.sens-et-vous.fr\/accueil\/wp-json\/wp\/v2\/pages"}],"about":[{"href":"https:\/\/www.sens-et-vous.fr\/accueil\/wp-json\/wp\/v2\/types\/page"}],"author":[{"embeddable":true,"href":"https:\/\/www.sens-et-vous.fr\/accueil\/wp-json\/wp\/v2\/users\/1"}],"replies":[{"embeddable":true,"href":"https:\/\/www.sens-et-vous.fr\/accueil\/wp-json\/wp\/v2\/comments?post=1361"}],"version-history":[{"count":0,"href":"https:\/\/www.sens-et-vous.fr\/accueil\/wp-json\/wp\/v2\/pages\/1361\/revisions"}],"wp:attachment":[{"href":"https:\/\/www.sens-et-vous.fr\/accueil\/wp-json\/wp\/v2\/media?parent=1361"}],"curies":[{"name":"wp","href":"https:\/\/api.w.org\/{rel}","templated":true}]}}